{"id":2079,"date":"2021-08-06T13:31:00","date_gmt":"2021-08-06T11:31:00","guid":{"rendered":"https:\/\/tlustacara.cz\/udalosti\/tlusta-cara-na-andelskem-kempu-pro-deti-odsouzenych\/"},"modified":"2023-10-25T14:31:11","modified_gmt":"2023-10-25T12:31:11","slug":"tlusta-cara-na-andelskem-kempu","status":"publish","type":"mec-events","link":"https:\/\/tlustacara.cz\/en\/udalosti\/tlusta-cara-na-andelskem-kempu\/","title":{"rendered":"Tlust\u00e1 \u010d\u00e1ra na And\u011blsk\u00e9m kempu pro d\u011bti odsouzen\u00fdch"},"content":{"rendered":"<div data-elementor-type=\"wp-post\" data-elementor-id=\"2079\" class=\"elementor elementor-2079\" data-elementor-post-type=\"mec-events\">\n\t\t\t\t\t\t<div class=\"elementor-inner\">\n\t\t\t\t<div class=\"elementor-section-wrap\">\n\t\t\t\t\t\t\t\t\t<section class=\"elementor-section elementor-top-section elementor-element elementor-element-229409e5 elementor-section-boxed elementor-section-height-default elementor-section-height-default\" data-id=\"229409e5\" data-element_type=\"section\">\n\t\t\t\t\t\t<div class=\"elementor-container elementor-column-gap-default\">\n\t\t\t\t\t\t\t<div class=\"elementor-row\">\n\t\t\t\t\t<div class=\"elementor-column elementor-col-100 elementor-top-column elementor-element elementor-element-cc6004c\" data-id=\"cc6004c\" data-element_type=\"column\">\n\t\t\t<div class=\"elementor-column-wrap elementor-element-populated\">\n\t\t\t\t\t\t\t<div class=\"elementor-widget-wrap\">\n\t\t\t\t\t\t<div class=\"elementor-element elementor-element-10696b70 elementor-widget elementor-widget-text-editor\" data-id=\"10696b70\" data-element_type=\"widget\" data-widget_type=\"text-editor.default\">\n\t\t\t\t<div class=\"elementor-widget-container\">\n\t\t\t<style>\/*! elementor - v3.16.0 - 17-10-2023 *\/\n.elementor-widget-text-editor.elementor-drop-cap-view-stacked .elementor-drop-cap{background-color:#69727d;color:#fff}.elementor-widget-text-editor.elementor-drop-cap-view-framed .elementor-drop-cap{color:#69727d;border:3px solid;background-color:transparent}.elementor-widget-text-editor:not(.elementor-drop-cap-view-default) .elementor-drop-cap{margin-top:8px}.elementor-widget-text-editor:not(.elementor-drop-cap-view-default) .elementor-drop-cap-letter{width:1em;height:1em}.elementor-widget-text-editor .elementor-drop-cap{float:left;text-align:center;line-height:1;font-size:50px}.elementor-widget-text-editor .elementor-drop-cap-letter{display:inline-block}<\/style>\t\t\t\t\t<div class=\"elementor-text-editor elementor-clearfix\">\n\t\t\t\t<!-- wp:paragraph -->\n<p>Zdravi\u0301me nas\u030ce sleduji\u0301ci\u0301.<\/p>\n<!-- \/wp:paragraph -->\n\n<!-- wp:paragraph -->\n<p>V pru\u030abe\u030chu srpna se chyst\u00e1me na de\u030ctsky\u0301 kemp pro de\u030cti odsouzeny\u0301ch rodic\u030cu\u030a, ktery\u0301 organizuje Mezin\u00e1rodn\u00ed v\u011bze\u0148sk\u00e9 spole\u010denstv\u00ed, z. s..<br>Ma\u0301me pro de\u030cti pr\u030cipraveny\u0301 tvu\u030arc\u030ci\u0301 program, kde se spolec\u030cne\u030c por\u030ca\u0301dne\u030c barevne\u030c vyr\u030ca\u0301di\u0301me.<\/p>\n<!-- \/wp:paragraph -->\n\n<!-- wp:paragraph -->\n<p>De\u030cti odsouzeny\u0301ch rodic\u030cu\u030a se musi\u0301 vyrovnat krome\u030c separace od sve\u0301ho milovane\u0301ho rodic\u030ce i s dals\u030ci\u0301mi zme\u030cnami v z\u030civote\u030c. Je to zme\u030cna pec\u030cuji\u0301ci\u0301 osoby, s\u030ckola, omezeni\u0301 ekonomicky\u0301ch zdroju\u030a v rodine\u030c, s\u030cikana od okoli\u0301, popichova\u0301ni\u0301, nada\u0301vky apod. Da\u0301le samozr\u030cejme\u030c obava o bezpec\u030ci\u0301 rodic\u030ce, ktery\u0301 je ve ve\u030czeni\u0301, ale take\u0301 o bezpec\u030ci\u0301 jejich, z\u030ce ony samy budou povaz\u030cova\u0301ny za krimina\u0301lni\u0301ky.<\/p>\n<!-- \/wp:paragraph -->\n\n<!-- wp:paragraph -->\n<p>Tyto de\u030cti na\u0301m nejsou lhostejne\u0301 a moc se na ne\u030c te\u030cs\u030ci\u0301me.<\/p>\n<!-- \/wp:paragraph -->\t\t\t\t\t<\/div>\n\t\t\t\t\t\t<\/div>\n\t\t\t\t<\/div>\n\t\t\t\t\t\t<\/div>\n\t\t\t\t\t<\/div>\n\t\t<\/div>\n\t\t\t\t\t\t\t\t<\/div>\n\t\t\t\t\t<\/div>\n\t\t<\/section>\n\t\t\t\t\t\t\t\t\t<\/div>\n\t\t\t<\/div>\n\t\t\t\t\t<\/div>","protected":false},"excerpt":{"rendered":"<p>06.08.2021 &#8211; 07.08.2021 na And\u011blsk\u00e9m Kempu MVS<\/p>","protected":false},"author":1,"featured_media":2082,"comment_status":"closed","ping_status":"closed","template":"","meta":{"site-sidebar-layout":"default","site-content-layout":"default","ast-site-content-layout":"","site-content-style":"default","site-sidebar-style":"default","ast-global-header-display":"","ast-banner-title-visibility":"","ast-main-header-display":"","ast-hfb-above-header-display":"","ast-hfb-below-header-display":"","ast-hfb-mobile-header-display":"","site-post-title":"","ast-breadcrumbs-content":"","ast-featured-img":"","footer-sml-layout":"","theme-transparent-header-meta":"default","adv-header-id-meta":"","stick-header-meta":"","header-above-stick-meta":"","header-main-stick-meta":"","header-below-stick-meta":"","astra-migrate-meta-layouts":"","ast-page-background-enabled":"default","ast-page-background-meta":{"desktop":{"background-color":"","background-image":"","background-repeat":"repeat","background-position":"center center","background-size":"auto","background-attachment":"scroll","background-type":"","background-media":"","overlay-type":"","overlay-color":"","overlay-gradient":""},"tablet":{"background-color":"","background-image":"","background-repeat":"repeat","background-position":"center center","background-size":"auto","background-attachment":"scroll","background-type":"","background-media":"","overlay-type":"","overlay-color":"","overlay-gradient":""},"mobile":{"background-color":"","background-image":"","background-repeat":"repeat","background-position":"center center","background-size":"auto","background-attachment":"scroll","background-type":"","background-media":"","overlay-type":"","overlay-color":"","overlay-gradient":""}},"ast-content-background-meta":{"desktop":{"background-color":"var(--ast-global-color-5)","background-image":"","background-repeat":"repeat","background-position":"center center","background-size":"auto","background-attachment":"scroll","background-type":"","background-media":"","overlay-type":"","overlay-color":"","overlay-gradient":""},"tablet":{"background-color":"var(--ast-global-color-5)","background-image":"","background-repeat":"repeat","background-position":"center center","background-size":"auto","background-attachment":"scroll","background-type":"","background-media":"","overlay-type":"","overlay-color":"","overlay-gradient":""},"mobile":{"background-color":"var(--ast-global-color-5)","background-image":"","background-repeat":"repeat","background-position":"center center","background-size":"auto","background-attachment":"scroll","background-type":"","background-media":"","overlay-type":"","overlay-color":"","overlay-gradient":""}}},"tags":[38,39],"mec_category":[25],"yoast_head":"<!-- This site is optimized with the Yoast SEO plugin v21.4 - https:\/\/yoast.com\/wordpress\/plugins\/seo\/ -->\n<title>Tlust\u00e1 \u010d\u00e1ra na And\u011blsk\u00e9m kempu pro d\u011bti odsouzen\u00fdch - Tlust\u00e1 \u010d\u00e1ra<\/title>\n<meta name=\"description\" content=\"V pru\u030abe\u030chu srpna se chyst\u00e1me na de\u030ctsky\u0301 kemp pro de\u030cti odsouzeny\u0301ch rodic\u030cu\u030a, ktery\u0301 organizuje Mezin\u00e1rodn\u00ed v\u011bze\u0148sk\u00e9 spole\u010denstv\u00ed, z. s. Ma\u0301me pro de\u030cti pr\u030cipraveny\u0301 tvu\u030arc\u030ci\u0301 program, kde se spolec\u030cne\u030c por\u030ca\u0301dne\u030c barevne\u030c vyr\u030ca\u0301di\u0301me.\" \/>\n<meta name=\"robots\" content=\"index, follow, max-snippet:-1, max-image-preview:large, max-video-preview:-1\" \/>\n<link rel=\"canonical\" href=\"https:\/\/tlustacara.cz\/en\/udalosti\/tlusta-cara-na-andelskem-kempu\/\" \/>\n<meta property=\"og:locale\" content=\"en_US\" \/>\n<meta property=\"og:type\" content=\"article\" \/>\n<meta property=\"og:title\" content=\"Tlust\u00e1 \u010d\u00e1ra na And\u011blsk\u00e9m kempu pro d\u011bti odsouzen\u00fdch\" \/>\n<meta property=\"og:description\" content=\"V pru\u030abe\u030chu srpna se chyst\u00e1me na de\u030ctsky\u0301 kemp pro de\u030cti odsouzeny\u0301ch rodic\u030cu\u030a, ktery\u0301 organizuje Mezin\u00e1rodn\u00ed v\u011bze\u0148sk\u00e9 spole\u010denstv\u00ed, z. s..Ma\u0301me pro de\u030cti pr\u030cipraveny\u0301 tvu\u030arc\u030ci\u0301 program, kde se spolec\u030cne\u030c por\u030ca\u0301dne\u030c barevne\u030c vyr\u030ca\u0301di\u0301me.\" \/>\n<meta property=\"og:url\" content=\"https:\/\/tlustacara.cz\/en\/udalosti\/tlusta-cara-na-andelskem-kempu\/\" \/>\n<meta property=\"og:site_name\" content=\"Tlust\u00e1 \u010d\u00e1ra\" \/>\n<meta property=\"article:publisher\" content=\"https:\/\/facebook.com\/tlustacara\" \/>\n<meta property=\"article:modified_time\" content=\"2023-10-25T12:31:11+00:00\" \/>\n<meta property=\"og:image\" content=\"https:\/\/tlustacara.cz\/wp-content\/uploads\/2021\/08\/andelsky-kemp.jpeg\" \/>\n\t<meta property=\"og:image:width\" content=\"750\" \/>\n\t<meta property=\"og:image:height\" content=\"735\" \/>\n\t<meta property=\"og:image:type\" content=\"image\/jpeg\" \/>\n<meta name=\"twitter:card\" content=\"summary_large_image\" \/>\n<meta name=\"twitter:title\" content=\"Tlust\u00e1 \u010d\u00e1ra na And\u011blsk\u00e9m kempu pro d\u011bti odsouzen\u00fdch\" \/>\n<meta name=\"twitter:description\" content=\"V pru\u030abe\u030chu srpna se chyst\u00e1me na de\u030ctsky\u0301 kemp pro de\u030cti odsouzeny\u0301ch rodic\u030cu\u030a, ktery\u0301 organizuje Mezin\u00e1rodn\u00ed v\u011bze\u0148sk\u00e9 spole\u010denstv\u00ed, z. s..Ma\u0301me pro de\u030cti pr\u030cipraveny\u0301 tvu\u030arc\u030ci\u0301 program, kde se spolec\u030cne\u030c por\u030ca\u0301dne\u030c barevne\u030c vyr\u030ca\u0301di\u0301me.\" \/>\n<meta name=\"twitter:image\" content=\"https:\/\/tlustacara.cz\/wp-content\/uploads\/2021\/08\/andelsky-kemp.jpeg\" \/>\n<meta name=\"twitter:label1\" content=\"Est. reading time\" \/>\n\t<meta name=\"twitter:data1\" content=\"1 minute\" \/>\n<script type=\"application\/ld+json\" class=\"yoast-schema-graph\">{\"@context\":\"https:\/\/schema.org\",\"@graph\":[{\"@type\":\"WebPage\",\"@id\":\"https:\/\/tlustacara.cz\/udalosti\/tlusta-cara-na-andelskem-kempu\/\",\"url\":\"https:\/\/tlustacara.cz\/udalosti\/tlusta-cara-na-andelskem-kempu\/\",\"name\":\"Tlust\u00e1 \u010d\u00e1ra na And\u011blsk\u00e9m kempu pro d\u011bti odsouzen\u00fdch - Tlust\u00e1 \u010d\u00e1ra\",\"isPartOf\":{\"@id\":\"https:\/\/tlustacara.cz\/en\/#website\"},\"datePublished\":\"2021-08-06T11:31:00+00:00\",\"dateModified\":\"2023-10-25T12:31:11+00:00\",\"description\":\"V pru\u030abe\u030chu srpna se chyst\u00e1me na de\u030ctsky\u0301 kemp pro de\u030cti odsouzeny\u0301ch rodic\u030cu\u030a, ktery\u0301 organizuje Mezin\u00e1rodn\u00ed v\u011bze\u0148sk\u00e9 spole\u010denstv\u00ed, z. s. Ma\u0301me pro de\u030cti pr\u030cipraveny\u0301 tvu\u030arc\u030ci\u0301 program, kde se spolec\u030cne\u030c por\u030ca\u0301dne\u030c barevne\u030c vyr\u030ca\u0301di\u0301me.\",\"breadcrumb\":{\"@id\":\"https:\/\/tlustacara.cz\/udalosti\/tlusta-cara-na-andelskem-kempu\/#breadcrumb\"},\"inLanguage\":\"en-US\",\"potentialAction\":[{\"@type\":\"ReadAction\",\"target\":[\"https:\/\/tlustacara.cz\/udalosti\/tlusta-cara-na-andelskem-kempu\/\"]}]},{\"@type\":\"BreadcrumbList\",\"@id\":\"https:\/\/tlustacara.cz\/udalosti\/tlusta-cara-na-andelskem-kempu\/#breadcrumb\",\"itemListElement\":[{\"@type\":\"ListItem\",\"position\":1,\"name\":\"Dom\u016f\",\"item\":\"https:\/\/tlustacara.cz\/\"},{\"@type\":\"ListItem\",\"position\":2,\"name\":\"Tlust\u00e1 \u010d\u00e1ra na And\u011blsk\u00e9m kempu pro d\u011bti odsouzen\u00fdch\"}]},{\"@type\":\"WebSite\",\"@id\":\"https:\/\/tlustacara.cz\/en\/#website\",\"url\":\"https:\/\/tlustacara.cz\/en\/\",\"name\":\"Tlust\u00e1 \u010d\u00e1ra\",\"description\":\"Um\u011bleck\u00e1 skupina tlust\u00e1 \u010d\u00e1ra\",\"publisher\":{\"@id\":\"https:\/\/tlustacara.cz\/en\/#organization\"},\"potentialAction\":[{\"@type\":\"SearchAction\",\"target\":{\"@type\":\"EntryPoint\",\"urlTemplate\":\"https:\/\/tlustacara.cz\/en\/?s={search_term_string}\"},\"query-input\":\"required name=search_term_string\"}],\"inLanguage\":\"en-US\"},{\"@type\":\"Organization\",\"@id\":\"https:\/\/tlustacara.cz\/en\/#organization\",\"name\":\"Tlust\u00e1 \u010d\u00e1ra\",\"url\":\"https:\/\/tlustacara.cz\/en\/\",\"logo\":{\"@type\":\"ImageObject\",\"inLanguage\":\"en-US\",\"@id\":\"https:\/\/tlustacara.cz\/en\/#\/schema\/logo\/image\/\",\"url\":\"https:\/\/tlustacara.cz\/wp-content\/uploads\/2020\/09\/totot-removebg-preview.png\",\"contentUrl\":\"https:\/\/tlustacara.cz\/wp-content\/uploads\/2020\/09\/totot-removebg-preview.png\",\"width\":500,\"height\":500,\"caption\":\"Tlust\u00e1 \u010d\u00e1ra\"},\"image\":{\"@id\":\"https:\/\/tlustacara.cz\/en\/#\/schema\/logo\/image\/\"},\"sameAs\":[\"https:\/\/facebook.com\/tlustacara\",\"https:\/\/instagram.com\/tlustacara\",\"https:\/\/www.youtube.com\/channel\/UCxQ41kVDbj5r6ElmXDey39w\"]}]}<\/script>\n<!-- \/ Yoast SEO plugin. -->","yoast_head_json":{"title":"Tlust\u00e1 \u010d\u00e1ra na And\u011blsk\u00e9m kempu pro d\u011bti odsouzen\u00fdch - Tlust\u00e1 \u010d\u00e1ra","description":"V pru\u030abe\u030chu srpna se chyst\u00e1me na de\u030ctsky\u0301 kemp pro de\u030cti odsouzeny\u0301ch rodic\u030cu\u030a, ktery\u0301 organizuje Mezin\u00e1rodn\u00ed v\u011bze\u0148sk\u00e9 spole\u010denstv\u00ed, z. s. Ma\u0301me pro de\u030cti pr\u030cipraveny\u0301 tvu\u030arc\u030ci\u0301 program, kde se spolec\u030cne\u030c por\u030ca\u0301dne\u030c barevne\u030c vyr\u030ca\u0301di\u0301me.","robots":{"index":"index","follow":"follow","max-snippet":"max-snippet:-1","max-image-preview":"max-image-preview:large","max-video-preview":"max-video-preview:-1"},"canonical":"https:\/\/tlustacara.cz\/en\/udalosti\/tlusta-cara-na-andelskem-kempu\/","og_locale":"en_US","og_type":"article","og_title":"Tlust\u00e1 \u010d\u00e1ra na And\u011blsk\u00e9m kempu pro d\u011bti odsouzen\u00fdch","og_description":"V pru\u030abe\u030chu srpna se chyst\u00e1me na de\u030ctsky\u0301 kemp pro de\u030cti odsouzeny\u0301ch rodic\u030cu\u030a, ktery\u0301 organizuje Mezin\u00e1rodn\u00ed v\u011bze\u0148sk\u00e9 spole\u010denstv\u00ed, z. s..Ma\u0301me pro de\u030cti pr\u030cipraveny\u0301 tvu\u030arc\u030ci\u0301 program, kde se spolec\u030cne\u030c por\u030ca\u0301dne\u030c barevne\u030c vyr\u030ca\u0301di\u0301me.","og_url":"https:\/\/tlustacara.cz\/en\/udalosti\/tlusta-cara-na-andelskem-kempu\/","og_site_name":"Tlust\u00e1 \u010d\u00e1ra","article_publisher":"https:\/\/facebook.com\/tlustacara","article_modified_time":"2023-10-25T12:31:11+00:00","og_image":[{"width":750,"height":735,"url":"https:\/\/tlustacara.cz\/wp-content\/uploads\/2021\/08\/andelsky-kemp.jpeg","type":"image\/jpeg"}],"twitter_card":"summary_large_image","twitter_title":"Tlust\u00e1 \u010d\u00e1ra na And\u011blsk\u00e9m kempu pro d\u011bti odsouzen\u00fdch","twitter_description":"V pru\u030abe\u030chu srpna se chyst\u00e1me na de\u030ctsky\u0301 kemp pro de\u030cti odsouzeny\u0301ch rodic\u030cu\u030a, ktery\u0301 organizuje Mezin\u00e1rodn\u00ed v\u011bze\u0148sk\u00e9 spole\u010denstv\u00ed, z. s..Ma\u0301me pro de\u030cti pr\u030cipraveny\u0301 tvu\u030arc\u030ci\u0301 program, kde se spolec\u030cne\u030c por\u030ca\u0301dne\u030c barevne\u030c vyr\u030ca\u0301di\u0301me.","twitter_image":"https:\/\/tlustacara.cz\/wp-content\/uploads\/2021\/08\/andelsky-kemp.jpeg","twitter_misc":{"Est. reading time":"1 minute"},"schema":{"@context":"https:\/\/schema.org","@graph":[{"@type":"WebPage","@id":"https:\/\/tlustacara.cz\/udalosti\/tlusta-cara-na-andelskem-kempu\/","url":"https:\/\/tlustacara.cz\/udalosti\/tlusta-cara-na-andelskem-kempu\/","name":"Tlust\u00e1 \u010d\u00e1ra na And\u011blsk\u00e9m kempu pro d\u011bti odsouzen\u00fdch - Tlust\u00e1 \u010d\u00e1ra","isPartOf":{"@id":"https:\/\/tlustacara.cz\/en\/#website"},"datePublished":"2021-08-06T11:31:00+00:00","dateModified":"2023-10-25T12:31:11+00:00","description":"V pru\u030abe\u030chu srpna se chyst\u00e1me na de\u030ctsky\u0301 kemp pro de\u030cti odsouzeny\u0301ch rodic\u030cu\u030a, ktery\u0301 organizuje Mezin\u00e1rodn\u00ed v\u011bze\u0148sk\u00e9 spole\u010denstv\u00ed, z. s. Ma\u0301me pro de\u030cti pr\u030cipraveny\u0301 tvu\u030arc\u030ci\u0301 program, kde se spolec\u030cne\u030c por\u030ca\u0301dne\u030c barevne\u030c vyr\u030ca\u0301di\u0301me.","breadcrumb":{"@id":"https:\/\/tlustacara.cz\/udalosti\/tlusta-cara-na-andelskem-kempu\/#breadcrumb"},"inLanguage":"en-US","potentialAction":[{"@type":"ReadAction","target":["https:\/\/tlustacara.cz\/udalosti\/tlusta-cara-na-andelskem-kempu\/"]}]},{"@type":"BreadcrumbList","@id":"https:\/\/tlustacara.cz\/udalosti\/tlusta-cara-na-andelskem-kempu\/#breadcrumb","itemListElement":[{"@type":"ListItem","position":1,"name":"Dom\u016f","item":"https:\/\/tlustacara.cz\/"},{"@type":"ListItem","position":2,"name":"Tlust\u00e1 \u010d\u00e1ra na And\u011blsk\u00e9m kempu pro d\u011bti odsouzen\u00fdch"}]},{"@type":"WebSite","@id":"https:\/\/tlustacara.cz\/en\/#website","url":"https:\/\/tlustacara.cz\/en\/","name":"Tlust\u00e1 \u010d\u00e1ra","description":"Um\u011bleck\u00e1 skupina tlust\u00e1 \u010d\u00e1ra","publisher":{"@id":"https:\/\/tlustacara.cz\/en\/#organization"},"potentialAction":[{"@type":"SearchAction","target":{"@type":"EntryPoint","urlTemplate":"https:\/\/tlustacara.cz\/en\/?s={search_term_string}"},"query-input":"required name=search_term_string"}],"inLanguage":"en-US"},{"@type":"Organization","@id":"https:\/\/tlustacara.cz\/en\/#organization","name":"Tlust\u00e1 \u010d\u00e1ra","url":"https:\/\/tlustacara.cz\/en\/","logo":{"@type":"ImageObject","inLanguage":"en-US","@id":"https:\/\/tlustacara.cz\/en\/#\/schema\/logo\/image\/","url":"https:\/\/tlustacara.cz\/wp-content\/uploads\/2020\/09\/totot-removebg-preview.png","contentUrl":"https:\/\/tlustacara.cz\/wp-content\/uploads\/2020\/09\/totot-removebg-preview.png","width":500,"height":500,"caption":"Tlust\u00e1 \u010d\u00e1ra"},"image":{"@id":"https:\/\/tlustacara.cz\/en\/#\/schema\/logo\/image\/"},"sameAs":["https:\/\/facebook.com\/tlustacara","https:\/\/instagram.com\/tlustacara","https:\/\/www.youtube.com\/channel\/UCxQ41kVDbj5r6ElmXDey39w"]}]}},"_links":{"self":[{"href":"https:\/\/tlustacara.cz\/en\/wp-json\/wp\/v2\/mec-events\/2079"}],"collection":[{"href":"https:\/\/tlustacara.cz\/en\/wp-json\/wp\/v2\/mec-events"}],"about":[{"href":"https:\/\/tlustacara.cz\/en\/wp-json\/wp\/v2\/types\/mec-events"}],"author":[{"embeddable":true,"href":"https:\/\/tlustacara.cz\/en\/wp-json\/wp\/v2\/users\/1"}],"replies":[{"embeddable":true,"href":"https:\/\/tlustacara.cz\/en\/wp-json\/wp\/v2\/comments?post=2079"}],"version-history":[{"count":6,"href":"https:\/\/tlustacara.cz\/en\/wp-json\/wp\/v2\/mec-events\/2079\/revisions"}],"predecessor-version":[{"id":4660,"href":"https:\/\/tlustacara.cz\/en\/wp-json\/wp\/v2\/mec-events\/2079\/revisions\/4660"}],"wp:featuredmedia":[{"embeddable":true,"href":"https:\/\/tlustacara.cz\/en\/wp-json\/wp\/v2\/media\/2082"}],"wp:attachment":[{"href":"https:\/\/tlustacara.cz\/en\/wp-json\/wp\/v2\/media?parent=2079"}],"wp:term":[{"taxonomy":"post_tag","embeddable":true,"href":"https:\/\/tlustacara.cz\/en\/wp-json\/wp\/v2\/tags?post=2079"},{"taxonomy":"mec_category","embeddable":true,"href":"https:\/\/tlustacara.cz\/en\/wp-json\/wp\/v2\/mec_category?post=2079"}],"curies":[{"name":"wp","href":"https:\/\/api.w.org\/{rel}","templated":true}]}}